{"id":2276,"date":"2020-04-13T11:22:37","date_gmt":"2020-04-13T10:22:37","guid":{"rendered":"https:\/\/esap.wpengine.com\/?page_id=2276"},"modified":"2020-12-29T13:40:56","modified_gmt":"2020-12-29T12:40:56","slug":"home","status":"publish","type":"page","link":"https:\/\/esap.ba\/bs\/","title":{"rendered":"Po\u010detna"},"content":{"rendered":"\t\t<div data-elementor-type=\"wp-page\" data-elementor-id=\"2276\" class=\"elementor elementor-2276 elementor-1728\">\n\t\t\t\t\t\t<section class=\"elementor-section elementor-top-section elementor-element elementor-element-35b850d elementor-section-stretched elementor-section-full_width elementor-section-height-default elementor-section-height-default\" data-id=\"35b850d\" data-element_type=\"section\" data-e-type=\"section\" data-settings=\"{&quot;stretch_section&quot;:&quot;section-stretched&quot;}\">\n\t\t\t\t\t\t<div class=\"elementor-container elementor-column-gap-default\">\n\t\t\t\t\t<div class=\"elementor-column elementor-col-100 elementor-top-column elementor-element elementor-element-0bcbb3a\" data-id=\"0bcbb3a\" data-element_type=\"column\" data-e-type=\"column\">\n\t\t\t<div class=\"elementor-widget-wrap elementor-element-populated\">\n\t\t\t\t\t\t<div class=\"elementor-element elementor-element-d24f798 hero-arrow elementor-widget__width-inherit elementor-absolute elementor-widget elementor-widget-html\" data-id=\"d24f798\" data-element_type=\"widget\" data-e-type=\"widget\" data-settings=\"{&quot;_position&quot;:&quot;absolute&quot;}\" data-widget_type=\"html.default\">\n\t\t\t\t<div class=\"elementor-widget-container\">\n\t\t\t\t\t<div class=\"text-center hero-arrow\">\r\n<i class=\"far fa-arrow-down\"><\/i>\r\n<\/div>\t\t\t\t<\/div>\n\t\t\t\t<\/div>\n\t\t\t\t<div class=\"elementor-element elementor-element-3d8f52e elementor-arrows-position-inside elementor-widget elementor-widget-image-carousel\" data-id=\"3d8f52e\" data-element_type=\"widget\" data-e-type=\"widget\" data-settings=\"{&quot;slides_to_show&quot;:&quot;1&quot;,&quot;navigation&quot;:&quot;arrows&quot;,&quot;autoplay&quot;:&quot;yes&quot;,&quot;pause_on_hover&quot;:&quot;yes&quot;,&quot;pause_on_interaction&quot;:&quot;yes&quot;,&quot;autoplay_speed&quot;:5000,&quot;infinite&quot;:&quot;yes&quot;,&quot;effect&quot;:&quot;slide&quot;,&quot;speed&quot;:500}\" data-widget_type=\"image-carousel.default\">\n\t\t\t\t<div class=\"elementor-widget-container\">\n\t\t\t\t\t\t\t<div class=\"elementor-image-carousel-wrapper swiper\" role=\"region\" aria-roledescription=\"carousel\" aria-label=\"Vrtuljak slika\" dir=\"ltr\">\n\t\t\t<div class=\"elementor-image-carousel swiper-wrapper\" aria-live=\"off\">\n\t\t\t\t\t\t\t\t<div class=\"swiper-slide\" role=\"group\" aria-roledescription=\"slide\" aria-label=\"1 of 4\"><figure class=\"swiper-slide-inner\"><img decoding=\"async\" class=\"swiper-slide-image\" src=\"https:\/\/esap.ba\/wp-content\/uploads\/2020\/04\/Hero-4.jpg\" alt=\"Aerial view of river Drina in Bosnia and Herzegovina, EuropeAerial view of river Drina in Bosnia and Herzegovina, Europe\" \/><\/figure><\/div><div class=\"swiper-slide\" role=\"group\" aria-roledescription=\"slide\" aria-label=\"2 of 4\"><figure class=\"swiper-slide-inner\"><img decoding=\"async\" class=\"swiper-slide-image\" src=\"https:\/\/esap.ba\/wp-content\/uploads\/2020\/04\/Hero-3.jpg\" alt=\"Panorama of Ramsko lake, Herzegovina-Neretva Canton, Bosnia and Herzegovina\" \/><\/figure><\/div><div class=\"swiper-slide\" role=\"group\" aria-roledescription=\"slide\" aria-label=\"3 of 4\"><figure class=\"swiper-slide-inner\"><img decoding=\"async\" class=\"swiper-slide-image\" src=\"https:\/\/esap.ba\/wp-content\/uploads\/2020\/04\/Hero-2.jpg\" alt=\"View on Veliko Plece and Volujak mountains from Ugljesin peak\" \/><\/figure><\/div><div class=\"swiper-slide\" role=\"group\" aria-roledescription=\"slide\" aria-label=\"4 of 4\"><figure class=\"swiper-slide-inner\"><img decoding=\"async\" class=\"swiper-slide-image\" src=\"https:\/\/esap.ba\/wp-content\/uploads\/2020\/04\/Hero-1.jpg\" alt=\"Hero (1)\" \/><\/figure><\/div>\t\t\t<\/div>\n\t\t\t\t\t\t\t\t\t\t\t\t<div class=\"elementor-swiper-button elementor-swiper-button-prev\" role=\"button\" tabindex=\"0\">\n\t\t\t\t\t\t<i aria-hidden=\"true\" class=\"eicon-chevron-left\"><\/i>\t\t\t\t\t<\/div>\n\t\t\t\t\t<div class=\"elementor-swiper-button elementor-swiper-button-next\" role=\"button\" tabindex=\"0\">\n\t\t\t\t\t\t<i aria-hidden=\"true\" class=\"eicon-chevron-right\"><\/i>\t\t\t\t\t<\/div>\n\t\t\t\t\n\t\t\t\t\t\t\t\t\t<\/div>\n\t\t\t\t\t\t<\/div>\n\t\t\t\t<\/div>\n\t\t\t\t\t<\/div>\n\t\t<\/div>\n\t\t\t\t\t<\/div>\n\t\t<\/section>\n\t\t\t\t<section class=\"elementor-section elementor-top-section elementor-element elementor-element-2aff9e8 elementor-section-content-middle elementor-section-boxed elementor-section-height-default elementor-section-height-default\" data-id=\"2aff9e8\" data-element_type=\"section\" data-e-type=\"section\" id=\"about-section\">\n\t\t\t\t\t\t<div class=\"elementor-container elementor-column-gap-no\">\n\t\t\t\t\t<div class=\"elementor-column elementor-col-50 elementor-top-column elementor-element elementor-element-b288755\" data-id=\"b288755\" data-element_type=\"column\" data-e-type=\"column\">\n\t\t\t<div class=\"elementor-widget-wrap elementor-element-populated\">\n\t\t\t\t\t\t<section class=\"elementor-section elementor-inner-section elementor-element elementor-element-9cccd2e elementor-section-boxed elementor-section-height-default elementor-section-height-default\" data-id=\"9cccd2e\" data-element_type=\"section\" data-e-type=\"section\">\n\t\t\t\t\t\t<div class=\"elementor-container elementor-column-gap-no\">\n\t\t\t\t\t<div class=\"elementor-column elementor-col-50 elementor-inner-column elementor-element elementor-element-90c34fe\" data-id=\"90c34fe\" data-element_type=\"column\" data-e-type=\"column\">\n\t\t\t<div class=\"elementor-widget-wrap elementor-element-populated\">\n\t\t\t\t\t\t<div class=\"elementor-element elementor-element-c84edd4 elementor-widget elementor-widget-epresscore-flipbox-addons\" data-id=\"c84edd4\" data-element_type=\"widget\" data-e-type=\"widget\" data-widget_type=\"epresscore-flipbox-addons.default\">\n\t\t\t\t<div class=\"elementor-widget-container\">\n\t\t\t\t\t            \r\n            <div class=\"epresscore-flip-box-area epresscore-flip-box-animation-right\">\r\n\r\n                <div class='epresscore-flip-box-front'>\r\n                    <div class=\"front-container\">\r\n                                            <\/div>\r\n                    <div class=\"epresscore-flip-overlay\"><\/div>\r\n                <\/div>\r\n\r\n                <div class='epresscore-flip-box-back'>\r\n                    <div class=\"back-container\">\r\n                        <h4 class=\"title\" >Hutovo Blato<\/h4><p>Park prirode<\/p>                    <\/div>\r\n                    <div class=\"epresscore-flip-overlay\"><\/div>\r\n                <\/div>\r\n\r\n            <\/div>\r\n\r\n        \t\t\t\t<\/div>\n\t\t\t\t<\/div>\n\t\t\t\t<div class=\"elementor-element elementor-element-9e34c36 elementor-widget elementor-widget-epresscore-flipbox-addons\" data-id=\"9e34c36\" data-element_type=\"widget\" data-e-type=\"widget\" data-widget_type=\"epresscore-flipbox-addons.default\">\n\t\t\t\t<div class=\"elementor-widget-container\">\n\t\t\t\t\t            \r\n            <div class=\"epresscore-flip-box-area epresscore-flip-box-animation-right\">\r\n\r\n                <div class='epresscore-flip-box-front'>\r\n                    <div class=\"front-container\">\r\n                                            <\/div>\r\n                    <div class=\"epresscore-flip-overlay\"><\/div>\r\n                <\/div>\r\n\r\n                <div class='epresscore-flip-box-back'>\r\n                    <div class=\"back-container\">\r\n                        <h4 class=\"title\" >Sutjeska<\/h4><p>Nacionalni park<\/p>                    <\/div>\r\n                    <div class=\"epresscore-flip-overlay\"><\/div>\r\n                <\/div>\r\n\r\n            <\/div>\r\n\r\n        \t\t\t\t<\/div>\n\t\t\t\t<\/div>\n\t\t\t\t\t<\/div>\n\t\t<\/div>\n\t\t\t\t<div class=\"elementor-column elementor-col-50 elementor-inner-column elementor-element elementor-element-fe41351\" data-id=\"fe41351\" data-element_type=\"column\" data-e-type=\"column\">\n\t\t\t<div class=\"elementor-widget-wrap elementor-element-populated\">\n\t\t\t\t\t\t<div class=\"elementor-element elementor-element-d3976c3 elementor-widget elementor-widget-epresscore-flipbox-addons\" data-id=\"d3976c3\" data-element_type=\"widget\" data-e-type=\"widget\" data-widget_type=\"epresscore-flipbox-addons.default\">\n\t\t\t\t<div class=\"elementor-widget-container\">\n\t\t\t\t\t            \r\n            <div class=\"epresscore-flip-box-area epresscore-flip-box-animation-right\">\r\n\r\n                <div class='epresscore-flip-box-front'>\r\n                    <div class=\"front-container\">\r\n                                            <\/div>\r\n                    <div class=\"epresscore-flip-overlay\"><\/div>\r\n                <\/div>\r\n\r\n                <div class='epresscore-flip-box-back'>\r\n                    <div class=\"back-container\">\r\n                        <h4 class=\"title\" >Sarajevo<\/h4><p>Glavni grad<\/p>                    <\/div>\r\n                    <div class=\"epresscore-flip-overlay\"><\/div>\r\n                <\/div>\r\n\r\n            <\/div>\r\n\r\n        \t\t\t\t<\/div>\n\t\t\t\t<\/div>\n\t\t\t\t<div class=\"elementor-element elementor-element-24635db elementor-widget elementor-widget-epresscore-flipbox-addons\" data-id=\"24635db\" data-element_type=\"widget\" data-e-type=\"widget\" data-widget_type=\"epresscore-flipbox-addons.default\">\n\t\t\t\t<div class=\"elementor-widget-container\">\n\t\t\t\t\t            \r\n            <div class=\"epresscore-flip-box-area epresscore-flip-box-animation-right\">\r\n\r\n                <div class='epresscore-flip-box-front'>\r\n                    <div class=\"front-container\">\r\n                                            <\/div>\r\n                    <div class=\"epresscore-flip-overlay\"><\/div>\r\n                <\/div>\r\n\r\n                <div class='epresscore-flip-box-back'>\r\n                    <div class=\"back-container\">\r\n                        <h4 class=\"title\" >Rijeka Una<\/h4><p>Vodopad<\/p>                    <\/div>\r\n                    <div class=\"epresscore-flip-overlay\"><\/div>\r\n                <\/div>\r\n\r\n            <\/div>\r\n\r\n        \t\t\t\t<\/div>\n\t\t\t\t<\/div>\n\t\t\t\t\t<\/div>\n\t\t<\/div>\n\t\t\t\t\t<\/div>\n\t\t<\/section>\n\t\t\t\t\t<\/div>\n\t\t<\/div>\n\t\t\t\t<div class=\"elementor-column elementor-col-50 elementor-top-column elementor-element elementor-element-83cde0b\" data-id=\"83cde0b\" data-element_type=\"column\" data-e-type=\"column\">\n\t\t\t<div class=\"elementor-widget-wrap elementor-element-populated\">\n\t\t\t\t\t\t<div class=\"elementor-element elementor-element-c80f3ae elementor-widget elementor-widget-section-title-addons\" data-id=\"c80f3ae\" data-element_type=\"widget\" data-e-type=\"widget\" data-widget_type=\"section-title-addons.default\">\n\t\t\t\t<div class=\"elementor-widget-container\">\n\t\t\t\t\t<div class=\"epress-section-heading\" ><h5 class=\"top-heading heading-bar-none\">O projektu<\/h5><h2 class=\"main-heading\">ESAP 2030+<br>\n\nStrategija i Akcioni plan za\u0161tite okoli\u0161a\/\u017eivotne sredine<\/h2><p class=\"sub-heading\">\u0160tokholmski institut za okoli\u0161 (SEI) podr\u017eava Bosnu i Hercegovinu u pripremi Strategije za\u0161tite okoli\u0161a\/\u017eivotne sredine.<\/p><div class=\"desc\"><p><span style=\"text-align: justify\">Projekat BiH ESAP 2030+ \u0107e osigurati okvir za dugoro\u010dno planiranje, \u0161to \u0107e omogu\u0107iti uskla\u0111ene okoli\u0161ne prakse i mjere u cijeloj BiH. Radi se o klju\u010dnom instrumentu koji \u0107e nadle\u017enim institucijama pomo\u0107i u postizanju odr\u017eivosti okoli\u0161a i unapre\u0111enju zdravlja i dobrobiti sada\u0161njih i budu\u0107ih generacija gra\u0111ana u cijeloj BiH.<\/span><\/p><\/div><\/div>\t\t\t\t<\/div>\n\t\t\t\t<\/div>\n\t\t\t\t<div class=\"elementor-element elementor-element-c306590 elementor-widget elementor-widget-button\" data-id=\"c306590\" data-element_type=\"widget\" data-e-type=\"widget\" data-widget_type=\"button.default\">\n\t\t\t\t<div class=\"elementor-widget-container\">\n\t\t\t\t\t\t\t\t\t<div class=\"elementor-button-wrapper\">\n\t\t\t\t\t<a class=\"elementor-button elementor-button-link elementor-size-lg\" href=\"https:\/\/esap.ba\/bs\/o-projektu\/\">\n\t\t\t\t\t\t<span class=\"elementor-button-content-wrapper\">\n\t\t\t\t\t\t\t\t\t<span class=\"elementor-button-text\">Op\u0161irnije<\/span>\n\t\t\t\t\t<\/span>\n\t\t\t\t\t<\/a>\n\t\t\t\t<\/div>\n\t\t\t\t\t\t\t\t<\/div>\n\t\t\t\t<\/div>\n\t\t\t\t\t<\/div>\n\t\t<\/div>\n\t\t\t\t\t<\/div>\n\t\t<\/section>\n\t\t\t\t<section class=\"elementor-section elementor-top-section elementor-element elementor-element-a7d430d elementor-section-boxed elementor-section-height-default elementor-section-height-default\" data-id=\"a7d430d\" data-element_type=\"section\" data-e-type=\"section\">\n\t\t\t\t\t\t<div class=\"elementor-container elementor-column-gap-no\">\n\t\t\t\t\t<div class=\"elementor-column elementor-col-100 elementor-top-column elementor-element elementor-element-6aeee18\" data-id=\"6aeee18\" data-element_type=\"column\" data-e-type=\"column\">\n\t\t\t<div class=\"elementor-widget-wrap elementor-element-populated\">\n\t\t\t\t\t\t<section class=\"elementor-section elementor-inner-section elementor-element elementor-element-481d40d elementor-section-content-middle elementor-section-boxed elementor-section-height-default elementor-section-height-default\" data-id=\"481d40d\" data-element_type=\"section\" data-e-type=\"section\">\n\t\t\t\t\t\t<div class=\"elementor-container elementor-column-gap-no\">\n\t\t\t\t\t<div class=\"elementor-column elementor-col-16 elementor-inner-column elementor-element elementor-element-c441422\" data-id=\"c441422\" data-element_type=\"column\" data-e-type=\"column\">\n\t\t\t<div class=\"elementor-widget-wrap\">\n\t\t\t\t\t\t\t<\/div>\n\t\t<\/div>\n\t\t\t\t<div class=\"elementor-column elementor-col-66 elementor-inner-column elementor-element elementor-element-32cd1c6\" data-id=\"32cd1c6\" data-element_type=\"column\" data-e-type=\"column\">\n\t\t\t<div class=\"elementor-widget-wrap elementor-element-populated\">\n\t\t\t\t\t\t<div class=\"elementor-element elementor-element-8b7c1d6 elementor-widget elementor-widget-section-title-addons\" data-id=\"8b7c1d6\" data-element_type=\"widget\" data-e-type=\"widget\" data-widget_type=\"section-title-addons.default\">\n\t\t\t\t<div class=\"elementor-widget-container\">\n\t\t\t\t\t<div class=\"epress-section-heading\" ><h5 class=\"top-heading heading-bar-none\">Ciljevi projekta<\/h5><h2 class=\"main-heading\"><span>Planirane aktivnosti<span style=\"font-family: Arial, Helvetica, sans-serif\"><\/span><\/span><\/h2><\/div>\t\t\t\t<\/div>\n\t\t\t\t<\/div>\n\t\t\t\t\t<\/div>\n\t\t<\/div>\n\t\t\t\t<div class=\"elementor-column elementor-col-16 elementor-inner-column elementor-element elementor-element-45e5081\" data-id=\"45e5081\" data-element_type=\"column\" data-e-type=\"column\">\n\t\t\t<div class=\"elementor-widget-wrap\">\n\t\t\t\t\t\t\t<\/div>\n\t\t<\/div>\n\t\t\t\t\t<\/div>\n\t\t<\/section>\n\t\t\t\t<section class=\"elementor-section elementor-inner-section elementor-element elementor-element-81605b2 elementor-section-boxed elementor-section-height-default elementor-section-height-default\" data-id=\"81605b2\" data-element_type=\"section\" data-e-type=\"section\">\n\t\t\t\t\t\t<div class=\"elementor-container elementor-column-gap-no\">\n\t\t\t\t\t<div class=\"elementor-column elementor-col-100 elementor-inner-column elementor-element elementor-element-f6016af\" data-id=\"f6016af\" data-element_type=\"column\" data-e-type=\"column\">\n\t\t\t<div class=\"elementor-widget-wrap elementor-element-populated\">\n\t\t\t\t\t\t<div class=\"elementor-element elementor-element-82a6a85 elementor-widget elementor-widget-epress_target_list\" data-id=\"82a6a85\" data-element_type=\"widget\" data-e-type=\"widget\" data-widget_type=\"epress_target_list.default\">\n\t\t\t\t<div class=\"elementor-widget-container\">\n\t\t\t\t\t<div class=\"epresscore-carousel-activation target-carousel-lists\" data-settings=\"{&quot;arrows&quot;:true,&quot;arrow_prev_txt&quot;:&quot;fal fa-arrow-left&quot;,&quot;arrow_next_txt&quot;:&quot;fal fa-arrow-right&quot;,&quot;dots&quot;:false,&quot;autoplay&quot;:false,&quot;autoplay_speed&quot;:3000,&quot;animation_speed&quot;:300,&quot;pause_on_hover&quot;:true,&quot;center_mode&quot;:false,&quot;vertical_mode&quot;:false,&quot;center_padding&quot;:0,&quot;display_columns&quot;:3,&quot;scroll_columns&quot;:1,&quot;tablet_width&quot;:992,&quot;tablet_display_columns&quot;:2,&quot;tablet_scroll_columns&quot;:1,&quot;mobile_width&quot;:580,&quot;mobile_display_columns&quot;:1,&quot;mobile_scroll_columns&quot;:1}\"  ><div class=\"target-column item-1b4275a\"><div class=\"target-item\"><div class=\"top-title\">U\u010cE\u0160\u0106E<\/div><h3 class=\"main-title\"><a href=\"#\" >U\u010de\u0161\u0107e \u0161ire javnosti s ciljem ja\u010danja svijesti i isticanja va\u017enosti pitanja okoli\u0161a\/\u017eivotne sredine u Bosni i Hercegovini kod svih gra\u0111ana<\/a><\/h3><div class=\"desc\"><p>Pru\u017ei\u0107emo priliku za u\u010de\u0161\u0107e \u0161ire javnosti i osigurati informisanost medija o va\u017enim procesima i doga\u0111ajima u okviru projekta.<\/p><\/div><div class=\"target-icon\"><img fetchpriority=\"high\" decoding=\"async\" width=\"1250\" height=\"1250\" src=\"https:\/\/esap.ba\/wp-content\/uploads\/2020\/04\/1.png\" class=\"attachment-full size-full wp-image-2556\" alt=\"\" srcset=\"https:\/\/esap.ba\/wp-content\/uploads\/2020\/04\/1.png 1250w, https:\/\/esap.ba\/wp-content\/uploads\/2020\/04\/1-300x300.png 300w, https:\/\/esap.ba\/wp-content\/uploads\/2020\/04\/1-1024x1024.png 1024w, https:\/\/esap.ba\/wp-content\/uploads\/2020\/04\/1-150x150.png 150w, https:\/\/esap.ba\/wp-content\/uploads\/2020\/04\/1-768x768.png 768w, https:\/\/esap.ba\/wp-content\/uploads\/2020\/04\/1-400x400.png 400w, https:\/\/esap.ba\/wp-content\/uploads\/2020\/04\/1-800x800.png 800w\" sizes=\"(max-width: 1250px) 100vw, 1250px\" \/><\/div><div class=\"count-num\">01<\/div><\/div><\/div><div class=\"target-column item-4c1ba2a\"><div class=\"target-item\"><div class=\"top-title\">POMO\u0106<\/div><h3 class=\"main-title\"><a href=\"#\" >Podr\u0161ka u definisanju politike okoli\u0161a u BiH<\/a><\/h3><div class=\"desc\"><p>Projekat \u0107e pomo\u0107i u utvr\u0111ivanju izazova, neuskla\u0111enosti i mogu\u0107nosti u politikama okoli\u0161a BiH, a u kona\u010dnom dokumentu ESAP BiH 2030+ \u0107e biti definisane mjere politike okoli\u0161a<strong>.<\/strong><\/p><\/div><div class=\"target-icon\"><img decoding=\"async\" width=\"1251\" height=\"1250\" src=\"https:\/\/esap.ba\/wp-content\/uploads\/2020\/04\/3.png\" class=\"attachment-full size-full wp-image-2562\" alt=\"\" srcset=\"https:\/\/esap.ba\/wp-content\/uploads\/2020\/04\/3.png 1251w, https:\/\/esap.ba\/wp-content\/uploads\/2020\/04\/3-300x300.png 300w, https:\/\/esap.ba\/wp-content\/uploads\/2020\/04\/3-1024x1024.png 1024w, https:\/\/esap.ba\/wp-content\/uploads\/2020\/04\/3-150x150.png 150w, https:\/\/esap.ba\/wp-content\/uploads\/2020\/04\/3-768x767.png 768w, https:\/\/esap.ba\/wp-content\/uploads\/2020\/04\/3-400x400.png 400w, https:\/\/esap.ba\/wp-content\/uploads\/2020\/04\/3-800x799.png 800w\" sizes=\"(max-width: 1251px) 100vw, 1251px\" \/><\/div><div class=\"count-num\">02<\/div><\/div><\/div><div class=\"target-column item-072ca0b\"><div class=\"target-item\"><div class=\"top-title\">OJA\u010cATI<\/div><h3 class=\"main-title\"><a href=\"#\" >Oja\u010dati kapacitete nadle\u017enih institucija za za\u0161titu okoli\u0161a\/\u017eivotne sredine u BiH<\/a><\/h3><div class=\"desc\"><p>Osigura\u0107emo da dr\u017eavni slu\u017ebenici i javne institucije u\u010destvuju u projektnim aktivnostima.<\/p><\/div><div class=\"target-icon\"><img decoding=\"async\" width=\"1250\" height=\"1251\" src=\"https:\/\/esap.ba\/wp-content\/uploads\/2020\/04\/4.png\" class=\"attachment-full size-full wp-image-2565\" alt=\"\" srcset=\"https:\/\/esap.ba\/wp-content\/uploads\/2020\/04\/4.png 1250w, https:\/\/esap.ba\/wp-content\/uploads\/2020\/04\/4-300x300.png 300w, https:\/\/esap.ba\/wp-content\/uploads\/2020\/04\/4-1024x1024.png 1024w, https:\/\/esap.ba\/wp-content\/uploads\/2020\/04\/4-150x150.png 150w, https:\/\/esap.ba\/wp-content\/uploads\/2020\/04\/4-768x769.png 768w, https:\/\/esap.ba\/wp-content\/uploads\/2020\/04\/4-400x400.png 400w, https:\/\/esap.ba\/wp-content\/uploads\/2020\/04\/4-800x801.png 800w\" sizes=\"(max-width: 1250px) 100vw, 1250px\" \/><\/div><div class=\"count-num\">03<\/div><\/div><\/div><div class=\"target-column item-228100f\"><div class=\"target-item\"><div class=\"top-title\">OJA\u010cATI<\/div><h3 class=\"main-title\"><a href=\"#\" >Oja\u010dati kapacitete organizacija civilnog dru\u0161tva (OCD) za u\u010de\u0161\u0107e u pitanjima za\u0161tite okoli\u0161a\/\u017eivotne sredine<\/a><\/h3><div class=\"desc\"><p>Pozva\u0107emo OCD koje su aktivne u oblasti za\u0161tite okoli\u0161a\/\u017eivotne sredine da u\u010destvuju u projektnim aktivnostima.<\/p><\/div><div class=\"target-icon\"><img loading=\"lazy\" decoding=\"async\" width=\"1251\" height=\"1251\" src=\"https:\/\/esap.ba\/wp-content\/uploads\/2020\/04\/5.png\" class=\"attachment-full size-full wp-image-2568\" alt=\"\" srcset=\"https:\/\/esap.ba\/wp-content\/uploads\/2020\/04\/5.png 1251w, https:\/\/esap.ba\/wp-content\/uploads\/2020\/04\/5-300x300.png 300w, https:\/\/esap.ba\/wp-content\/uploads\/2020\/04\/5-1024x1024.png 1024w, https:\/\/esap.ba\/wp-content\/uploads\/2020\/04\/5-150x150.png 150w, https:\/\/esap.ba\/wp-content\/uploads\/2020\/04\/5-768x768.png 768w, https:\/\/esap.ba\/wp-content\/uploads\/2020\/04\/5-400x400.png 400w, https:\/\/esap.ba\/wp-content\/uploads\/2020\/04\/5-800x800.png 800w\" sizes=\"(max-width: 1251px) 100vw, 1251px\" \/><\/div><div class=\"count-num\">04<\/div><\/div><\/div><div class=\"target-column item-8237ca7\"><div class=\"target-item\"><div class=\"top-title\">PODR\u017dATI<\/div><h3 class=\"main-title\"><a href=\"#\" >Podr\u017eati mobilizaciju finansijskih sredstava za sektor za\u0161tite okoli\u0161a\/\u017eivotne sredine<\/a><\/h3><div class=\"desc\"><p>Utvrdi\u0107emo tro\u0161kove realizacije mjera iz akcionog plana i mogu\u0107e izvore finansiranja u dokumentu ESAP 2030+.<\/p><\/div><div class=\"target-icon\"><img loading=\"lazy\" decoding=\"async\" width=\"1251\" height=\"1251\" src=\"https:\/\/esap.ba\/wp-content\/uploads\/2020\/04\/6.png\" class=\"attachment-full size-full wp-image-2571\" alt=\"\" srcset=\"https:\/\/esap.ba\/wp-content\/uploads\/2020\/04\/6.png 1251w, https:\/\/esap.ba\/wp-content\/uploads\/2020\/04\/6-300x300.png 300w, https:\/\/esap.ba\/wp-content\/uploads\/2020\/04\/6-1024x1024.png 1024w, https:\/\/esap.ba\/wp-content\/uploads\/2020\/04\/6-150x150.png 150w, https:\/\/esap.ba\/wp-content\/uploads\/2020\/04\/6-768x768.png 768w, https:\/\/esap.ba\/wp-content\/uploads\/2020\/04\/6-400x400.png 400w, https:\/\/esap.ba\/wp-content\/uploads\/2020\/04\/6-800x800.png 800w\" sizes=\"(max-width: 1251px) 100vw, 1251px\" \/><\/div><div class=\"count-num\">05<\/div><\/div><\/div><\/div>\t\t\t\t<\/div>\n\t\t\t\t<\/div>\n\t\t\t\t\t<\/div>\n\t\t<\/div>\n\t\t\t\t\t<\/div>\n\t\t<\/section>\n\t\t\t\t\t<\/div>\n\t\t<\/div>\n\t\t\t\t\t<\/div>\n\t\t<\/section>\n\t\t\t\t<section class=\"elementor-section elementor-top-section elementor-element elementor-element-830894d elementor-section-stretched elementor-section-boxed elementor-section-height-default elementor-section-height-default\" data-id=\"830894d\" data-element_type=\"section\" data-e-type=\"section\" id=\"blog-section\" data-settings=\"{&quot;stretch_section&quot;:&quot;section-stretched&quot;,&quot;background_background&quot;:&quot;classic&quot;}\">\n\t\t\t\t\t\t\t<div class=\"elementor-background-overlay\"><\/div>\n\t\t\t\t\t\t\t<div class=\"elementor-container elementor-column-gap-no\">\n\t\t\t\t\t<div class=\"elementor-column elementor-col-100 elementor-top-column elementor-element elementor-element-baa6ca6\" data-id=\"baa6ca6\" data-element_type=\"column\" data-e-type=\"column\">\n\t\t\t<div class=\"elementor-widget-wrap elementor-element-populated\">\n\t\t\t\t\t\t<section class=\"elementor-section elementor-inner-section elementor-element elementor-element-28d24b2 elementor-section-content-middle elementor-section-boxed elementor-section-height-default elementor-section-height-default\" data-id=\"28d24b2\" data-element_type=\"section\" data-e-type=\"section\">\n\t\t\t\t\t\t<div class=\"elementor-container elementor-column-gap-no\">\n\t\t\t\t\t<div class=\"elementor-column elementor-col-25 elementor-inner-column elementor-element elementor-element-0e7cb24\" data-id=\"0e7cb24\" data-element_type=\"column\" data-e-type=\"column\">\n\t\t\t<div class=\"elementor-widget-wrap\">\n\t\t\t\t\t\t\t<\/div>\n\t\t<\/div>\n\t\t\t\t<div class=\"elementor-column elementor-col-50 elementor-inner-column elementor-element elementor-element-3898023\" data-id=\"3898023\" data-element_type=\"column\" data-e-type=\"column\">\n\t\t\t<div class=\"elementor-widget-wrap elementor-element-populated\">\n\t\t\t\t\t\t<div class=\"elementor-element elementor-element-8792956 elementor-widget elementor-widget-section-title-addons\" data-id=\"8792956\" data-element_type=\"widget\" data-e-type=\"widget\" data-widget_type=\"section-title-addons.default\">\n\t\t\t\t<div class=\"elementor-widget-container\">\n\t\t\t\t\t<div class=\"epress-section-heading\" ><h5 class=\"top-heading heading-bar-none\">Novosti<\/h5><h2 class=\"main-heading\"><span>Novosti <br>i doga\u0111aji<\/span><\/h2><\/div>\t\t\t\t<\/div>\n\t\t\t\t<\/div>\n\t\t\t\t\t<\/div>\n\t\t<\/div>\n\t\t\t\t<div class=\"elementor-column elementor-col-25 elementor-inner-column elementor-element elementor-element-33801aa\" data-id=\"33801aa\" data-element_type=\"column\" data-e-type=\"column\">\n\t\t\t<div class=\"elementor-widget-wrap\">\n\t\t\t\t\t\t\t<\/div>\n\t\t<\/div>\n\t\t\t\t\t<\/div>\n\t\t<\/section>\n\t\t\t\t<section class=\"elementor-section elementor-inner-section elementor-element elementor-element-f81f857 elementor-section-boxed elementor-section-height-default elementor-section-height-default\" data-id=\"f81f857\" data-element_type=\"section\" data-e-type=\"section\">\n\t\t\t\t\t\t<div class=\"elementor-container elementor-column-gap-no\">\n\t\t\t\t\t<div class=\"elementor-column elementor-col-100 elementor-inner-column elementor-element elementor-element-337b0f0\" data-id=\"337b0f0\" data-element_type=\"column\" data-e-type=\"column\">\n\t\t\t<div class=\"elementor-widget-wrap elementor-element-populated\">\n\t\t\t\t\t\t<div class=\"elementor-element elementor-element-3608e09 elementor-widget elementor-widget-epress-postcarousel-addons\" data-id=\"3608e09\" data-element_type=\"widget\" data-e-type=\"widget\" data-widget_type=\"epress-postcarousel-addons.default\">\n\t\t\t\t<div class=\"elementor-widget-container\">\n\t\t\t\t\t           <div class=\"epress_posts_carousel epresscore-post-grid\" >\r\n                      \r\n            <div class=\"post_item\">\r\n                <div class=\"post-box\">\r\n                            <div class=\"post_content\">\r\n            <div class=\"post-header\">   \r\n                <div class=\"header-post-meta\">  \r\n                <div class=\"meta-item\"><a class=\"category\" href=\"https:\/\/esap.ba\/bs\/kategorija\/publikacijepublikacije\/\">Publikacije<\/a><\/div>                    <div class=\"meta-item\">04.07.2023.<\/div>\r\n                                    <\/div>\r\n                                    <h4 class=\"title\" ><a href=\"https:\/\/esap.ba\/bs\/integracija-pitanja-drustvene-jednakosti-u-kreiranje-politike-okolisa-primjer-strategije-i-akcijskog-plana-okolisa-bosne-i-hercegovine\/\">Integracija pitanja dru\u0161tvene jednakosti u kreiranje politike okoli\u0161a: Primjer Strategije i Akcijskog plana okoli\u0161a Bosne i Hercegovine<\/a><\/h4>\r\n                                           \r\n            <\/div>   \r\n            <div class=\"desc\"><p>Integracija pitanja dru\u0161tvene jednakosti u kreiranje politike okoli\u0161a: Primjer Strategije i Akcijskog plana okoli\u0161a Bosne i Hercegovine Autorice: Claudia Strambo, Sa\u0161a Soluji\u0107<\/p><\/div>                        \r\n        <\/div>\r\n                                                    <div class=\"post_image\">\r\n                            <img loading=\"lazy\" decoding=\"async\" width=\"2000\" height=\"1334\" src=\"https:\/\/esap.ba\/wp-content\/uploads\/2023\/11\/gettyimages-1424410376-1.webp\" class=\"attachment-post-thumbnail size-post-thumbnail wp-post-image\" alt=\"\" srcset=\"https:\/\/esap.ba\/wp-content\/uploads\/2023\/11\/gettyimages-1424410376-1.webp 2000w, https:\/\/esap.ba\/wp-content\/uploads\/2023\/11\/gettyimages-1424410376-1-300x200.webp 300w, https:\/\/esap.ba\/wp-content\/uploads\/2023\/11\/gettyimages-1424410376-1-1024x683.webp 1024w, https:\/\/esap.ba\/wp-content\/uploads\/2023\/11\/gettyimages-1424410376-1-768x512.webp 768w, https:\/\/esap.ba\/wp-content\/uploads\/2023\/11\/gettyimages-1424410376-1-1536x1025.webp 1536w, https:\/\/esap.ba\/wp-content\/uploads\/2023\/11\/gettyimages-1424410376-1-750x500.webp 750w, https:\/\/esap.ba\/wp-content\/uploads\/2023\/11\/gettyimages-1424410376-1-800x534.webp 800w\" sizes=\"(max-width: 2000px) 100vw, 2000px\" \/>                        <\/div>\r\n                                    <\/div> \r\n            <\/div>           \r\n                       \r\n            <div class=\"post_item\">\r\n                <div class=\"post-box\">\r\n                            <div class=\"post_content\">\r\n            <div class=\"post-header\">   \r\n                <div class=\"header-post-meta\">  \r\n                <div class=\"meta-item\"><a class=\"category\" href=\"https:\/\/esap.ba\/bs\/kategorija\/novosti\/\">Novosti<\/a><\/div>                    <div class=\"meta-item\">23.05.2023.<\/div>\r\n                                    <\/div>\r\n                                    <h4 class=\"title\" ><a href=\"https:\/\/esap.ba\/bs\/bih-esap-2030-izradena-strategija-okolisa-zivotne-sredine-bih\/\">BiH ESAP 2030+: Izra\u0111ena Strategija okoli\u0161a\/\u017eivotne sredine BiH<\/a><\/h4>\r\n                                           \r\n            <\/div>   \r\n            <div class=\"desc\"><p>Nakon tri godine rada, zavr\u0161ena je izrada krovne Strategije okoli\u0161a\/\u017eivotne sredine Bosne i Hercegovine (BiH) koja je trenutno u postupku usvajanja. Projekat<\/p><\/div>                        \r\n        <\/div>\r\n                                                    <div class=\"post_image\">\r\n                            <img loading=\"lazy\" decoding=\"async\" width=\"2048\" height=\"1365\" src=\"https:\/\/esap.ba\/wp-content\/uploads\/2023\/05\/Photo-23.05.2023.-10-20-09.jpg\" class=\"attachment-post-thumbnail size-post-thumbnail wp-post-image\" alt=\"\" srcset=\"https:\/\/esap.ba\/wp-content\/uploads\/2023\/05\/Photo-23.05.2023.-10-20-09.jpg 2048w, https:\/\/esap.ba\/wp-content\/uploads\/2023\/05\/Photo-23.05.2023.-10-20-09-300x200.jpg 300w, https:\/\/esap.ba\/wp-content\/uploads\/2023\/05\/Photo-23.05.2023.-10-20-09-1024x683.jpg 1024w, https:\/\/esap.ba\/wp-content\/uploads\/2023\/05\/Photo-23.05.2023.-10-20-09-768x512.jpg 768w, https:\/\/esap.ba\/wp-content\/uploads\/2023\/05\/Photo-23.05.2023.-10-20-09-1536x1024.jpg 1536w, https:\/\/esap.ba\/wp-content\/uploads\/2023\/05\/Photo-23.05.2023.-10-20-09-750x500.jpg 750w, https:\/\/esap.ba\/wp-content\/uploads\/2023\/05\/Photo-23.05.2023.-10-20-09-800x533.jpg 800w\" sizes=\"(max-width: 2048px) 100vw, 2048px\" \/>                        <\/div>\r\n                                    <\/div> \r\n            <\/div>           \r\n                       \r\n            <div class=\"post_item\">\r\n                <div class=\"post-box\">\r\n                            <div class=\"post_content\">\r\n            <div class=\"post-header\">   \r\n                <div class=\"header-post-meta\">  \r\n                <div class=\"meta-item\"><a class=\"category\" href=\"https:\/\/esap.ba\/bs\/kategorija\/novosti\/\">Novosti<\/a><\/div>                    <div class=\"meta-item\">01.05.2023.<\/div>\r\n                                    <\/div>\r\n                                    <h4 class=\"title\" ><a href=\"https:\/\/esap.ba\/bs\/odnos-prema-okolisu-u-bosni-i-hercegovini-trendovi-i-strategije-o-buducim-koracima\/\">Odnos prema okoli\u0161u u Bosni i Hercegovini: trendovi i strategije o budu\u0107im koracima<\/a><\/h4>\r\n                                           \r\n            <\/div>   \r\n            <div class=\"desc\"><p>Fotografija: FS-Stock \/ Getty Images Autorice: Claudia Strambo, Mahboubeh Rahmati-Abkenar, Sa\u0161a Soluji\u0107, Laura Del Duca Odnos prema okoli\u0161u, prema definiciji, \u201cskup vjerovanja,<\/p><\/div>                        \r\n        <\/div>\r\n                                                    <div class=\"post_image\">\r\n                            <img loading=\"lazy\" decoding=\"async\" width=\"2121\" height=\"1414\" src=\"https:\/\/esap.ba\/wp-content\/uploads\/2023\/04\/GettyImages-1091054460.jpg\" class=\"attachment-post-thumbnail size-post-thumbnail wp-post-image\" alt=\"\" srcset=\"https:\/\/esap.ba\/wp-content\/uploads\/2023\/04\/GettyImages-1091054460.jpg 2121w, https:\/\/esap.ba\/wp-content\/uploads\/2023\/04\/GettyImages-1091054460-300x200.jpg 300w, https:\/\/esap.ba\/wp-content\/uploads\/2023\/04\/GettyImages-1091054460-1024x683.jpg 1024w, https:\/\/esap.ba\/wp-content\/uploads\/2023\/04\/GettyImages-1091054460-768x512.jpg 768w, https:\/\/esap.ba\/wp-content\/uploads\/2023\/04\/GettyImages-1091054460-1536x1024.jpg 1536w, https:\/\/esap.ba\/wp-content\/uploads\/2023\/04\/GettyImages-1091054460-2048x1365.jpg 2048w, https:\/\/esap.ba\/wp-content\/uploads\/2023\/04\/GettyImages-1091054460-750x500.jpg 750w, https:\/\/esap.ba\/wp-content\/uploads\/2023\/04\/GettyImages-1091054460-800x533.jpg 800w\" sizes=\"(max-width: 2121px) 100vw, 2121px\" \/>                        <\/div>\r\n                                    <\/div> \r\n            <\/div>           \r\n                       \r\n            <div class=\"post_item\">\r\n                <div class=\"post-box\">\r\n                            <div class=\"post_content\">\r\n            <div class=\"post-header\">   \r\n                <div class=\"header-post-meta\">  \r\n                <div class=\"meta-item\"><a class=\"category\" href=\"https:\/\/esap.ba\/bs\/kategorija\/novosti\/\">Novosti<\/a><\/div>                    <div class=\"meta-item\">12.04.2023.<\/div>\r\n                                    <\/div>\r\n                                    <h4 class=\"title\" ><a href=\"https:\/\/esap.ba\/bs\/premijerno-prikazivanje-kratkog-filma-o-bih-esap-2030-u-tuzli\/\">Premijerno prikazivanje kratkog filma o BiH ESAP 2030+ u Tuzli<\/a><\/h4>\r\n                                           \r\n            <\/div>   \r\n            <div class=\"desc\"><p>U\u010denici i profesori tri srednje \u0161kole u Tuzli (Me\u0161a Selimovi\u0107, Ismet Mujezinovi\u0107 i Gra\u0111evinsko-geodetska \u0161kola) okupili su se\u00a0 29. marta 2030. godine<\/p><\/div>                        \r\n        <\/div>\r\n                                                    <div class=\"post_image\">\r\n                            <img loading=\"lazy\" decoding=\"async\" width=\"2048\" height=\"1365\" src=\"https:\/\/esap.ba\/wp-content\/uploads\/2023\/04\/bihesap1.jpg\" class=\"attachment-post-thumbnail size-post-thumbnail wp-post-image\" alt=\"\" srcset=\"https:\/\/esap.ba\/wp-content\/uploads\/2023\/04\/bihesap1.jpg 2048w, https:\/\/esap.ba\/wp-content\/uploads\/2023\/04\/bihesap1-300x200.jpg 300w, https:\/\/esap.ba\/wp-content\/uploads\/2023\/04\/bihesap1-1024x683.jpg 1024w, https:\/\/esap.ba\/wp-content\/uploads\/2023\/04\/bihesap1-768x512.jpg 768w, https:\/\/esap.ba\/wp-content\/uploads\/2023\/04\/bihesap1-1536x1024.jpg 1536w, https:\/\/esap.ba\/wp-content\/uploads\/2023\/04\/bihesap1-750x500.jpg 750w, https:\/\/esap.ba\/wp-content\/uploads\/2023\/04\/bihesap1-800x533.jpg 800w\" sizes=\"(max-width: 2048px) 100vw, 2048px\" \/>                        <\/div>\r\n                                    <\/div> \r\n            <\/div>           \r\n                       \r\n            <div class=\"post_item\">\r\n                <div class=\"post-box\">\r\n                            <div class=\"post_content\">\r\n            <div class=\"post-header\">   \r\n                <div class=\"header-post-meta\">  \r\n                <div class=\"meta-item\"><a class=\"category\" href=\"https:\/\/esap.ba\/bs\/kategorija\/novosti\/\">Novosti<\/a><\/div>                    <div class=\"meta-item\">15.12.2022.<\/div>\r\n                                    <\/div>\r\n                                    <h4 class=\"title\" ><a href=\"https:\/\/esap.ba\/bs\/bosna-i-hercegovina-spremna-za-status-zemlje-kandidata-za-clanstvo-u-eu\/\">Bosna i Hercegovina spremna za status zemlje kandidata za \u010dlanstvo u EU<\/a><\/h4>\r\n                                           \r\n            <\/div>   \r\n            <div class=\"desc\"><p>\u010cetvrtak, 15. decembar 2022. godine, je historijski dan za Bosnu i Hercegovinu. Sada je potvr\u0111eno da su odluku o odobrenju statusa kandidata<\/p><\/div>                        \r\n        <\/div>\r\n                                                    <div class=\"post_image\">\r\n                            <img loading=\"lazy\" decoding=\"async\" width=\"2560\" height=\"1670\" src=\"https:\/\/esap.ba\/wp-content\/uploads\/2022\/12\/alexandre-lallemand-Pcs3mOL14Sk-unsplash-scaled.jpg\" class=\"attachment-post-thumbnail size-post-thumbnail wp-post-image\" alt=\"\" srcset=\"https:\/\/esap.ba\/wp-content\/uploads\/2022\/12\/alexandre-lallemand-Pcs3mOL14Sk-unsplash-scaled.jpg 2560w, https:\/\/esap.ba\/wp-content\/uploads\/2022\/12\/alexandre-lallemand-Pcs3mOL14Sk-unsplash-300x196.jpg 300w, https:\/\/esap.ba\/wp-content\/uploads\/2022\/12\/alexandre-lallemand-Pcs3mOL14Sk-unsplash-1024x668.jpg 1024w, https:\/\/esap.ba\/wp-content\/uploads\/2022\/12\/alexandre-lallemand-Pcs3mOL14Sk-unsplash-768x501.jpg 768w, https:\/\/esap.ba\/wp-content\/uploads\/2022\/12\/alexandre-lallemand-Pcs3mOL14Sk-unsplash-1536x1002.jpg 1536w, https:\/\/esap.ba\/wp-content\/uploads\/2022\/12\/alexandre-lallemand-Pcs3mOL14Sk-unsplash-2048x1336.jpg 2048w, https:\/\/esap.ba\/wp-content\/uploads\/2022\/12\/alexandre-lallemand-Pcs3mOL14Sk-unsplash-800x522.jpg 800w\" sizes=\"(max-width: 2560px) 100vw, 2560px\" \/>                        <\/div>\r\n                                    <\/div> \r\n            <\/div>           \r\n                       \r\n            <div class=\"post_item\">\r\n                <div class=\"post-box\">\r\n                            <div class=\"post_content\">\r\n            <div class=\"post-header\">   \r\n                <div class=\"header-post-meta\">  \r\n                <div class=\"meta-item\"><a class=\"category\" href=\"https:\/\/esap.ba\/bs\/kategorija\/novosti\/\">Novosti<\/a><\/div>                    <div class=\"meta-item\">02.12.2022.<\/div>\r\n                                    <\/div>\r\n                                    <h4 class=\"title\" ><a href=\"https:\/\/esap.ba\/bs\/brcanski-srednjoskolci-pogledali-bih-esap-2030-film\/\">Br\u010danski srednjo\u0161kolci pogledali BiH ESAP 2030+ film<\/a><\/h4>\r\n                                           \r\n            <\/div>   \r\n            <div class=\"desc\"><p>U\u010denicima\/-cama Poljoprivredne i medicinske srednje \u0161kole Br\u010dko je 28.11.2022. godine premijerno prikazan BiH ESAP 2030+ film, nakon \u010dega je uslijedila i produktivna<\/p><\/div>                        \r\n        <\/div>\r\n                                                    <div class=\"post_image\">\r\n                            <img loading=\"lazy\" decoding=\"async\" width=\"1200\" height=\"800\" src=\"https:\/\/esap.ba\/wp-content\/uploads\/2022\/12\/12-1.jpg\" class=\"attachment-post-thumbnail size-post-thumbnail wp-post-image\" alt=\"\" srcset=\"https:\/\/esap.ba\/wp-content\/uploads\/2022\/12\/12-1.jpg 1200w, https:\/\/esap.ba\/wp-content\/uploads\/2022\/12\/12-1-300x200.jpg 300w, https:\/\/esap.ba\/wp-content\/uploads\/2022\/12\/12-1-1024x683.jpg 1024w, https:\/\/esap.ba\/wp-content\/uploads\/2022\/12\/12-1-768x512.jpg 768w, https:\/\/esap.ba\/wp-content\/uploads\/2022\/12\/12-1-750x500.jpg 750w, https:\/\/esap.ba\/wp-content\/uploads\/2022\/12\/12-1-800x533.jpg 800w\" sizes=\"(max-width: 1200px) 100vw, 1200px\" \/>                        <\/div>\r\n                                    <\/div> \r\n            <\/div>           \r\n                    <\/div>\r\n\r\n        \t\t\t\t<\/div>\n\t\t\t\t<\/div>\n\t\t\t\t\t<\/div>\n\t\t<\/div>\n\t\t\t\t\t<\/div>\n\t\t<\/section>\n\t\t\t\t\t<\/div>\n\t\t<\/div>\n\t\t\t\t\t<\/div>\n\t\t<\/section>\n\t\t\t\t<\/div>\n\t\t","protected":false},"excerpt":{"rendered":"<p>Previous Next Hutovo Blato Park prirode Sutjeska Nacionalni park Sarajevo Glavni grad Rijeka Una Vodopad O projektu ESAP 2030+ Strategija i Akcioni plan za\u0161tite okoli\u0161a\/\u017eivotne sredine \u0160tokholmski institut za okoli\u0161 (SEI) podr\u017eava Bosnu i Hercegovinu u pripremi Strategije za\u0161tite okoli\u0161a\/\u017eivotne sredine. Projekat BiH ESAP 2030+ \u0107e osigurati okvir za dugoro\u010dno planiranje, \u0161to \u0107e omogu\u0107iti uskla\u0111ene [&hellip;]<\/p>\n","protected":false},"author":1,"featured_media":0,"parent":0,"menu_order":0,"comment_status":"closed","ping_status":"closed","template":"","meta":{"_acf_changed":false,"footnotes":""},"class_list":["post-2276","page","type-page","status-publish","hentry"],"acf":[],"_links":{"self":[{"href":"https:\/\/esap.ba\/bs\/wp-json\/wp\/v2\/pages\/2276","targetHints":{"allow":["GET"]}}],"collection":[{"href":"https:\/\/esap.ba\/bs\/wp-json\/wp\/v2\/pages"}],"about":[{"href":"https:\/\/esap.ba\/bs\/wp-json\/wp\/v2\/types\/page"}],"author":[{"embeddable":true,"href":"https:\/\/esap.ba\/bs\/wp-json\/wp\/v2\/users\/1"}],"replies":[{"embeddable":true,"href":"https:\/\/esap.ba\/bs\/wp-json\/wp\/v2\/comments?post=2276"}],"version-history":[{"count":0,"href":"https:\/\/esap.ba\/bs\/wp-json\/wp\/v2\/pages\/2276\/revisions"}],"wp:attachment":[{"href":"https:\/\/esap.ba\/bs\/wp-json\/wp\/v2\/media?parent=2276"}],"curies":[{"name":"wp","href":"https:\/\/api.w.org\/{rel}","templated":true}]}}